{"id":1875,"date":"2025-04-10T12:20:35","date_gmt":"2025-04-10T17:20:35","guid":{"rendered":"http:\/\/vivelafe.publicacionespastorales.com.ec\/?page_id=1875"},"modified":"2026-04-15T08:56:36","modified_gmt":"2026-04-15T13:56:36","slug":"login","status":"publish","type":"page","link":"https:\/\/vivelafe.publicacionespastorales.com.ec\/","title":{"rendered":"Home"},"content":{"rendered":"\t\t<div data-elementor-type=\"wp-page\" data-elementor-id=\"1875\" class=\"elementor elementor-1875\" data-elementor-settings=\"{&quot;element_pack_global_tooltip_width&quot;:{&quot;unit&quot;:&quot;px&quot;,&quot;size&quot;:&quot;&quot;,&quot;sizes&quot;:[]},&quot;element_pack_global_tooltip_width_tablet&quot;:{&quot;unit&quot;:&quot;px&quot;,&quot;size&quot;:&quot;&quot;,&quot;sizes&quot;:[]},&quot;element_pack_global_tooltip_width_mobile&quot;:{&quot;unit&quot;:&quot;px&quot;,&quot;size&quot;:&quot;&quot;,&quot;sizes&quot;:[]},&quot;element_pack_global_tooltip_padding&quot;:{&quot;unit&quot;:&quot;px&quot;,&quot;top&quot;:&quot;&quot;,&quot;right&quot;:&quot;&quot;,&quot;bottom&quot;:&quot;&quot;,&quot;left&quot;:&quot;&quot;,&quot;isLinked&quot;:true},&quot;element_pack_global_tooltip_padding_tablet&quot;:{&quot;unit&quot;:&quot;px&quot;,&quot;top&quot;:&quot;&quot;,&quot;right&quot;:&quot;&quot;,&quot;bottom&quot;:&quot;&quot;,&quot;left&quot;:&quot;&quot;,&quot;isLinked&quot;:true},&quot;element_pack_global_tooltip_padding_mobile&quot;:{&quot;unit&quot;:&quot;px&quot;,&quot;top&quot;:&quot;&quot;,&quot;right&quot;:&quot;&quot;,&quot;bottom&quot;:&quot;&quot;,&quot;left&quot;:&quot;&quot;,&quot;isLinked&quot;:true},&quot;element_pack_global_tooltip_border_radius&quot;:{&quot;unit&quot;:&quot;px&quot;,&quot;top&quot;:&quot;&quot;,&quot;right&quot;:&quot;&quot;,&quot;bottom&quot;:&quot;&quot;,&quot;left&quot;:&quot;&quot;,&quot;isLinked&quot;:true},&quot;element_pack_global_tooltip_border_radius_tablet&quot;:{&quot;unit&quot;:&quot;px&quot;,&quot;top&quot;:&quot;&quot;,&quot;right&quot;:&quot;&quot;,&quot;bottom&quot;:&quot;&quot;,&quot;left&quot;:&quot;&quot;,&quot;isLinked&quot;:true},&quot;element_pack_global_tooltip_border_radius_mobile&quot;:{&quot;unit&quot;:&quot;px&quot;,&quot;top&quot;:&quot;&quot;,&quot;right&quot;:&quot;&quot;,&quot;bottom&quot;:&quot;&quot;,&quot;left&quot;:&quot;&quot;,&quot;isLinked&quot;:true}}\" data-elementor-post-type=\"page\">\n\t\t\t\t<div class=\"elementor-element elementor-element-80ac4f5 e-con-full e-flex wpr-particle-no wpr-jarallax-no wpr-parallax-no wpr-sticky-section-no e-con e-parent\" data-id=\"80ac4f5\" data-element_type=\"container\" data-e-type=\"container\">\n\t\t<div class=\"elementor-element elementor-element-23a1822 e-con-full e-flex wpr-particle-no wpr-jarallax-no wpr-parallax-no wpr-sticky-section-no e-con e-child\" data-id=\"23a1822\" data-element_type=\"container\" data-e-type=\"container\">\n\t\t<div class=\"elementor-element elementor-element-f3933ca e-con-full e-flex wpr-particle-no wpr-jarallax-no wpr-parallax-no wpr-sticky-section-no e-con e-child\" data-id=\"f3933ca\" data-element_type=\"container\" data-e-type=\"container\">\n\t\t\t\t<div class=\"elementor-element elementor-element-e384b51 elementor-widget__width-initial elementor-widget elementor-widget-text-editor\" data-id=\"e384b51\" data-element_type=\"widget\" data-e-type=\"widget\" data-widget_type=\"text-editor.default\">\n\t\t\t\t\t\t\t\t\t<p><b>E<\/b>nse\u00f1anza<br \/><b>R<\/b>eligi\u00f3n<br \/><b>E<\/b>scolar<\/p>\t\t\t\t\t\t\t\t<\/div>\n\t\t\t\t<\/div>\n\t\t<div class=\"elementor-element elementor-element-56f8134 e-con-full e-flex wpr-particle-no wpr-jarallax-no wpr-parallax-no wpr-sticky-section-no e-con e-child\" data-id=\"56f8134\" data-element_type=\"container\" data-e-type=\"container\" data-settings=\"{&quot;background_background&quot;:&quot;classic&quot;}\">\n\t\t<div class=\"elementor-element elementor-element-037487f e-con-full e-flex wpr-particle-no wpr-jarallax-no wpr-parallax-no wpr-sticky-section-no e-con e-child\" data-id=\"037487f\" data-element_type=\"container\" data-e-type=\"container\">\n\t\t\t\t<div class=\"elementor-element elementor-element-110f756 elementor-widget__width-initial elementor-widget elementor-widget-heading\" data-id=\"110f756\" data-element_type=\"widget\" data-e-type=\"widget\" data-widget_type=\"heading.default\">\n\t\t\t\t\t<h2 class=\"elementor-heading-title elementor-size-default\">Profundizamos la experiencia de Dios en el aula y fomentamos el crecimiento de la comunidad eclesial\n<\/h2>\t\t\t\t<\/div>\n\t\t\t\t<\/div>\n\t\t<div class=\"elementor-element elementor-element-14775dc e-con-full e-flex wpr-particle-no wpr-jarallax-no wpr-parallax-no wpr-sticky-section-no e-con e-child\" data-id=\"14775dc\" data-element_type=\"container\" data-e-type=\"container\" data-settings=\"{&quot;background_background&quot;:&quot;classic&quot;}\">\n\t\t\t\t<div class=\"elementor-element elementor-element-47cc92d elementor-hidden-mobile elementor-widget elementor-widget-image\" data-id=\"47cc92d\" data-element_type=\"widget\" data-e-type=\"widget\" data-widget_type=\"image.default\">\n\t\t\t\t\t\t\t\t\t\t\t\t\t\t\t<img fetchpriority=\"high\" decoding=\"async\" width=\"195\" height=\"521\" src=\"https:\/\/vivelafe.publicacionespastorales.com.ec\/wp-content\/uploads\/2025\/04\/parte.png\" class=\"attachment-large size-large wp-image-1773\" alt=\"\" srcset=\"https:\/\/vivelafe.publicacionespastorales.com.ec\/wp-content\/uploads\/2025\/04\/parte.png 195w, https:\/\/vivelafe.publicacionespastorales.com.ec\/wp-content\/uploads\/2025\/04\/parte-112x300.png 112w\" sizes=\"(max-width: 195px) 100vw, 195px\" \/>\t\t\t\t\t\t\t\t\t\t\t\t\t\t\t<\/div>\n\t\t\t\t<\/div>\n\t\t\t\t<\/div>\n\t\t\t\t<\/div>\n\t\t\t\t<\/div>\n\t\t<div class=\"elementor-element elementor-element-8fd8698 e-flex e-con-boxed wpr-particle-no wpr-jarallax-no wpr-parallax-no wpr-sticky-section-no e-con e-parent\" data-id=\"8fd8698\" data-element_type=\"container\" data-e-type=\"container\">\n\t\t\t\t\t<div class=\"e-con-inner\">\n\t\t<div class=\"elementor-element elementor-element-96dfd75 e-flex e-con-boxed wpr-particle-no wpr-jarallax-no wpr-parallax-no wpr-sticky-section-no e-con e-child\" data-id=\"96dfd75\" data-element_type=\"container\" data-e-type=\"container\">\n\t\t\t\t\t<div class=\"e-con-inner\">\n\t\t<div class=\"elementor-element elementor-element-4fee787 e-con-full e-flex wpr-particle-no wpr-jarallax-no wpr-parallax-no wpr-sticky-section-no e-con e-child\" data-id=\"4fee787\" data-element_type=\"container\" data-e-type=\"container\">\n\t\t\t\t<div class=\"elementor-element elementor-element-04bc4b2 elementor-widget__width-inherit elementor-widget elementor-widget-shortcode\" data-id=\"04bc4b2\" data-element_type=\"widget\" data-e-type=\"widget\" data-widget_type=\"shortcode.default\">\n\t\t\t\t\t\t\t<div class=\"elementor-shortcode\">\n<div class=\"um um-login um-1871\">\n\t<div class=\"um-form\">\n\t\t<form method=\"post\" action=\"\" autocomplete=\"off\">\n\t\t\t<div class=\"um-row _um_row_1 \" style=\"margin: 0 0 30px 0;\"><div class=\"um-col-1\"><div  id=\"um_field_1871_username\" class=\"um-field um-field-text  um-field-username um-field-text um-field-type_text\" data-key=\"username\"><div class=\"um-field-label\"><label for=\"username-1871\">Usuario o Correo Electr\u00f3nico<\/label><span class=\"um-tip um-tip-w\" title=\"Introdusca un nombre de usuario o cuenta de correo electr\u00f3nico\"><i class=\"um-icon-help-circled\"><\/i><\/span><div class=\"um-clear\"><\/div><\/div><div class=\"um-field-area\"><input  autocomplete=\"off\" class=\"um-form-field valid \" type=\"text\" name=\"username-1871\" id=\"username-1871\" value=\"\" placeholder=\"\" data-validate=\"\" data-key=\"username\"  aria-invalid=\"false\" \/>\n\n\t\t\t\t\t\t<\/div><\/div><div  id=\"um_field_1871_user_password\" class=\"um-field um-field-password  um-field-user_password um-field-password um-field-type_password\" data-key=\"user_password\"><div class=\"um-field-label\"><label for=\"user_password-1871\">Contrase\u00f1a<\/label><span class=\"um-tip um-tip-w\" title=\"Por favor ingresar la contrase\u00f1a registrada\"><i class=\"um-icon-help-circled\"><\/i><\/span><div class=\"um-clear\"><\/div><\/div><div class=\"um-field-area\"><input class=\"um-form-field valid \" type=\"password\" name=\"user_password-1871\" id=\"user_password-1871\" value=\"\" placeholder=\"\" data-validate=\"\" data-key=\"user_password\"  aria-invalid=\"false\" \/>\n\n\t\t\t\t\t\t\t<\/div><\/div><\/div><\/div>\t<input type=\"hidden\" name=\"form_id\" id=\"form_id_1871\" value=\"1871\" \/>\n\t\t<p class=\"um_request_name\">\n\t\t<label for=\"um_request_1871\">Only fill in if you are not human<\/label>\n\t\t<input type=\"hidden\" name=\"um_request\" id=\"um_request_1871\" class=\"input\" value=\"\" size=\"25\" autocomplete=\"off\" \/>\n\t<\/p>\n\t<input type=\"hidden\" name=\"redirect_to\" id=\"redirect_to\" value=\"?page_id=128\" \/><input type=\"hidden\" id=\"_wpnonce\" name=\"_wpnonce\" value=\"3feecf4047\" \/><input type=\"hidden\" name=\"_wp_http_referer\" value=\"\/index.php?rest_route=%2Fwp%2Fv2%2Fpages%2F1875\" \/>\n\t<div class=\"um-col-alt\">\n\n\t\t\n\n\t\t\t<div class=\"um-field um-field-c\">\n\t\t\t\t<div class=\"um-field-area\">\n\t\t\t\t\t<label class=\"um-field-checkbox\">\n\t\t\t\t\t\t<input type=\"checkbox\" name=\"rememberme\" value=\"1\"  \/>\n\t\t\t\t\t\t<span class=\"um-field-checkbox-state\"><i class=\"um-icon-android-checkbox-outline-blank\"><\/i><\/span>\n\t\t\t\t\t\t<span class=\"um-field-checkbox-option\"> Mantenerme conectado<\/span>\n\t\t\t\t\t<\/label>\n\t\t\t\t<\/div>\n\t\t\t<\/div>\n\n\t\t\t\t\t\t<div class=\"um-clear\"><\/div>\n\t\t\n\t\t\t<div class=\"um-left um-half\">\n\t\t\t\t<input type=\"submit\" value=\"Iniciar sesi\u00f3n\" class=\"um-button\" id=\"um-submit-btn\" \/>\n\t\t\t<\/div>\n\t\t\t<div class=\"um-right um-half\">\n\t\t\t\t<a href=\"https:\/\/vivelafe.publicacionespastorales.com.ec\/?page_id=1876\" class=\"um-button um-alt\">\n\t\t\t\t\tRegistro de usuario\t\t\t\t<\/a>\n\t\t\t<\/div>\n\n\t\t\n\t\t<div class=\"um-clear\"><\/div>\n\n\t<\/div>\n\n\t\n\t<div class=\"um-col-alt-b\">\n\t\t<a href=\"https:\/\/vivelafe.publicacionespastorales.com.ec\/?page_id=1880\" class=\"um-link-alt\">\n\t\t\t\u00bfHas olvidado tu contrase\u00f1a?\t\t<\/a>\n\t<\/div>\n\n\t\t\t<\/form>\n\t<\/div>\n<\/div>\n<style>\n\t\t\t.um-1871.um {\n\t\t\tmax-width: 950px;\n\t\t}\n\t\t<\/style>\n<\/div>\n\t\t\t\t\t\t<\/div>\n\t\t\t\t<\/div>\n\t\t\t\t\t<\/div>\n\t\t\t\t<\/div>\n\t\t<div class=\"elementor-element elementor-element-28eabc1 e-flex e-con-boxed wpr-particle-no wpr-jarallax-no wpr-parallax-no wpr-sticky-section-no e-con e-child\" data-id=\"28eabc1\" data-element_type=\"container\" data-e-type=\"container\">\n\t\t\t\t\t<div class=\"e-con-inner\">\n\t\t<div class=\"elementor-element elementor-element-4b70c1d e-con-full e-flex wpr-particle-no wpr-jarallax-no wpr-parallax-no wpr-sticky-section-no e-con e-child\" data-id=\"4b70c1d\" data-element_type=\"container\" data-e-type=\"container\">\n\t\t<div class=\"elementor-element elementor-element-2c044e0 e-con-full e-flex wpr-particle-no wpr-jarallax-no wpr-parallax-no wpr-sticky-section-no e-con e-child\" data-id=\"2c044e0\" data-element_type=\"container\" data-e-type=\"container\">\n\t\t\t\t<div class=\"elementor-element elementor-element-ccf18ca elementor-widget-tablet__width-initial elementor-widget-mobile__width-initial elementor-widget elementor-widget-heading\" data-id=\"ccf18ca\" data-element_type=\"widget\" data-e-type=\"widget\" data-widget_type=\"heading.default\">\n\t\t\t\t\t<h2 class=\"elementor-heading-title elementor-size-default\">\u00bfQu\u00e9 es <\/h2>\t\t\t\t<\/div>\n\t\t\t\t<div class=\"elementor-element elementor-element-97441d9 elementor-widget-tablet__width-initial elementor-widget elementor-widget-heading\" data-id=\"97441d9\" data-element_type=\"widget\" data-e-type=\"widget\" data-widget_type=\"heading.default\">\n\t\t\t\t\t<h2 class=\"elementor-heading-title elementor-size-default\">Vive<\/h2>\t\t\t\t<\/div>\n\t\t\t\t<div class=\"elementor-element elementor-element-032f350 elementor-widget elementor-widget-heading\" data-id=\"032f350\" data-element_type=\"widget\" data-e-type=\"widget\" data-widget_type=\"heading.default\">\n\t\t\t\t\t<h2 class=\"elementor-heading-title elementor-size-default\">la fe?<\/h2>\t\t\t\t<\/div>\n\t\t\t\t<\/div>\n\t\t<div class=\"elementor-element elementor-element-17b92c4 e-con-full e-flex wpr-particle-no wpr-jarallax-no wpr-parallax-no wpr-sticky-section-no e-con e-child\" data-id=\"17b92c4\" data-element_type=\"container\" data-e-type=\"container\">\n\t\t\t\t<div class=\"elementor-element elementor-element-a73204b elementor-widget elementor-widget-text-editor\" data-id=\"a73204b\" data-element_type=\"widget\" data-e-type=\"widget\" data-widget_type=\"text-editor.default\">\n\t\t\t\t\t\t\t\t\t<p>Es un proyecto de ense\u00f1anza religiosa escolar que fomenta competencias trascendentales dentro de nuestra soluci\u00f3n educativa Ecosistema 360. Su objetivo es integrar el conocimiento personal, la realidad, el desarrollo socioemocional y la espiritualidad, promoviendo una educaci\u00f3n centrada en la persona y en su relaci\u00f3n con Cristo.<br \/><br \/>Este proyecto se basa en el marco curricular de la Conferencia Episcopal Ecuatoriana (2024) y se consolida como una herramienta educativa esencial para profundizar la experiencia de Dios en el aula y contribuir al crecimiento de la comunidad eclesial.<\/p>\t\t\t\t\t\t\t\t<\/div>\n\t\t\t\t<\/div>\n\t\t\t\t<\/div>\n\t\t\t\t\t<\/div>\n\t\t\t\t<\/div>\n\t\t\t\t\t<\/div>\n\t\t\t\t<\/div>\n\t\t\t\t<\/div>\n\t\t","protected":false},"excerpt":{"rendered":"<p>Ense\u00f1anzaReligi\u00f3nEscolar Profundizamos la experiencia de Dios en el aula y fomentamos el crecimiento de la comunidad eclesial \u00bfQu\u00e9 es Vive la fe? Es un proyecto de ense\u00f1anza religiosa escolar que fomenta competencias trascendentales dentro de nuestra soluci\u00f3n educativa Ecosistema 360. Su objetivo es integrar el conocimiento personal, la realidad, el desarrollo socioemocional y la espiritualidad, promoviendo una educaci\u00f3n centrada en la persona y en su relaci\u00f3n con Cristo. Este proyecto se basa en el marco curricular de la Conferencia Episcopal Ecuatoriana (2024) y se consolida como una herramienta educativa esencial para profundizar la experiencia de Dios en el aula y contribuir al crecimiento de la comunidad eclesial.<\/p>\n","protected":false},"author":2,"featured_media":0,"parent":0,"menu_order":0,"comment_status":"closed","ping_status":"closed","template":"elementor_header_footer","meta":{"site-sidebar-layout":"default","site-content-layout":"","ast-site-content-layout":"default","site-content-style":"default","site-sidebar-style":"default","ast-global-header-display":"","ast-banner-title-visibility":"","ast-main-header-display":"","ast-hfb-above-header-display":"","ast-hfb-below-header-display":"","ast-hfb-mobile-header-display":"","site-post-title":"","ast-breadcrumbs-content":"","ast-featured-img":"","footer-sml-layout":"","ast-disable-related-posts":"","theme-transparent-header-meta":"","adv-header-id-meta":"","stick-header-meta":"","header-above-stick-meta":"","header-main-stick-meta":"","header-below-stick-meta":"","astra-migrate-meta-layouts":"default","ast-page-background-enabled":"default","ast-page-background-meta":{"desktop":{"background-color":"var(--ast-global-color-5)","background-image":"","background-repeat":"repeat","background-position":"center center","background-size":"auto","background-attachment":"scroll","background-type":"","background-media":"","overlay-type":"","overlay-color":"","overlay-opacity":"","overlay-gradient":""},"tablet":{"background-color":"","background-image":"","background-repeat":"repeat","background-position":"center center","background-size":"auto","background-attachment":"scroll","background-type":"","background-media":"","overlay-type":"","overlay-color":"","overlay-opacity":"","overlay-gradient":""},"mobile":{"background-color":"","background-image":"","background-repeat":"repeat","background-position":"center center","background-size":"auto","background-attachment":"scroll","background-type":"","background-media":"","overlay-type":"","overlay-color":"","overlay-opacity":"","overlay-gradient":""}},"ast-content-background-meta":{"desktop":{"background-color":"var(--ast-global-color-4)","background-image":"","background-repeat":"repeat","background-position":"center center","background-size":"auto","background-attachment":"scroll","background-type":"","background-media":"","overlay-type":"","overlay-color":"","overlay-opacity":"","overlay-gradient":""},"tablet":{"background-color":"var(--ast-global-color-4)","background-image":"","background-repeat":"repeat","background-position":"center center","background-size":"auto","background-attachment":"scroll","background-type":"","background-media":"","overlay-type":"","overlay-color":"","overlay-opacity":"","overlay-gradient":""},"mobile":{"background-color":"var(--ast-global-color-4)","background-image":"","background-repeat":"repeat","background-position":"center center","background-size":"auto","background-attachment":"scroll","background-type":"","background-media":"","overlay-type":"","overlay-color":"","overlay-opacity":"","overlay-gradient":""}},"footnotes":""},"class_list":["post-1875","page","type-page","status-publish","hentry"],"yoast_head":"<!-- This site is optimized with the Yoast SEO plugin v27.2 - https:\/\/yoast.com\/product\/yoast-seo-wordpress\/ -->\n<title>Home - Vive la Fe<\/title>\n<meta name=\"description\" content=\"Es un proyecto de ense\u00f1anza religiosa escolar que fomenta competencias trascendentales dentro de nuestra soluci\u00f3n educativa Ecosistema 360. Su objetivo es integrar el conocimiento personal, la realidad, el desarrollo socioemocional y la espiritualidad, promoviendo una educaci\u00f3n centrada en la persona y en su relaci\u00f3n con Cristo.\" \/>\n<meta name=\"robots\" content=\"index, follow, max-snippet:-1, max-image-preview:large, max-video-preview:-1\" \/>\n<link rel=\"canonical\" href=\"https:\/\/vivelafe.publicacionespastorales.com.ec\/\" \/>\n<meta property=\"og:locale\" content=\"es_ES\" \/>\n<meta property=\"og:type\" content=\"article\" \/>\n<meta property=\"og:title\" content=\"Home - Vive la Fe\" \/>\n<meta property=\"og:description\" content=\"Es un proyecto de ense\u00f1anza religiosa escolar que fomenta competencias trascendentales dentro de nuestra soluci\u00f3n educativa Ecosistema 360. Su objetivo es integrar el conocimiento personal, la realidad, el desarrollo socioemocional y la espiritualidad, promoviendo una educaci\u00f3n centrada en la persona y en su relaci\u00f3n con Cristo.\" \/>\n<meta property=\"og:url\" content=\"https:\/\/vivelafe.publicacionespastorales.com.ec\/\" \/>\n<meta property=\"og:site_name\" content=\"Vive la Fe\" \/>\n<meta property=\"article:publisher\" content=\"https:\/\/www.facebook.com\/PublicacionesPastorales?rdid=4yJ4zunJvaaH7YTK&amp;share_url=httpswww.facebook.comshare1BkXNKoUVG#\" \/>\n<meta property=\"article:modified_time\" content=\"2026-04-15T13:56:36+00:00\" \/>\n<meta property=\"og:image\" content=\"https:\/\/vivelafe.publicacionespastorales.com.ec\/wp-content\/uploads\/2025\/04\/parte.png\" \/>\n\t<meta property=\"og:image:width\" content=\"195\" \/>\n\t<meta property=\"og:image:height\" content=\"521\" \/>\n\t<meta property=\"og:image:type\" content=\"image\/png\" \/>\n<meta name=\"twitter:card\" content=\"summary_large_image\" \/>\n<meta name=\"twitter:label1\" content=\"Tiempo de lectura\" \/>\n\t<meta name=\"twitter:data1\" content=\"1 minuto\" \/>\n<script type=\"application\/ld+json\" class=\"yoast-schema-graph\">{\"@context\":\"https:\/\/schema.org\",\"@graph\":[{\"@type\":\"WebPage\",\"@id\":\"https:\/\/vivelafe.publicacionespastorales.com.ec\/\",\"url\":\"https:\/\/vivelafe.publicacionespastorales.com.ec\/\",\"name\":\"Home - Vive la Fe\",\"isPartOf\":{\"@id\":\"https:\/\/vivelafe.publicacionespastorales.com.ec\/#website\"},\"primaryImageOfPage\":{\"@id\":\"https:\/\/vivelafe.publicacionespastorales.com.ec\/#primaryimage\"},\"image\":{\"@id\":\"https:\/\/vivelafe.publicacionespastorales.com.ec\/#primaryimage\"},\"thumbnailUrl\":\"https:\/\/vivelafe.publicacionespastorales.com.ec\/wp-content\/uploads\/2025\/04\/parte.png\",\"datePublished\":\"2025-04-10T17:20:35+00:00\",\"dateModified\":\"2026-04-15T13:56:36+00:00\",\"description\":\"Es un proyecto de ense\u00f1anza religiosa escolar que fomenta competencias trascendentales dentro de nuestra soluci\u00f3n educativa Ecosistema 360. Su objetivo es integrar el conocimiento personal, la realidad, el desarrollo socioemocional y la espiritualidad, promoviendo una educaci\u00f3n centrada en la persona y en su relaci\u00f3n con Cristo.\",\"breadcrumb\":{\"@id\":\"https:\/\/vivelafe.publicacionespastorales.com.ec\/#breadcrumb\"},\"inLanguage\":\"es\",\"potentialAction\":[{\"@type\":\"ReadAction\",\"target\":[\"https:\/\/vivelafe.publicacionespastorales.com.ec\/\"]}]},{\"@type\":\"ImageObject\",\"inLanguage\":\"es\",\"@id\":\"https:\/\/vivelafe.publicacionespastorales.com.ec\/#primaryimage\",\"url\":\"https:\/\/vivelafe.publicacionespastorales.com.ec\/wp-content\/uploads\/2025\/04\/parte.png\",\"contentUrl\":\"https:\/\/vivelafe.publicacionespastorales.com.ec\/wp-content\/uploads\/2025\/04\/parte.png\",\"width\":195,\"height\":521},{\"@type\":\"BreadcrumbList\",\"@id\":\"https:\/\/vivelafe.publicacionespastorales.com.ec\/#breadcrumb\",\"itemListElement\":[{\"@type\":\"ListItem\",\"position\":1,\"name\":\"Portada\",\"item\":\"https:\/\/vivelafe.publicacionespastorales.com.ec\/\"},{\"@type\":\"ListItem\",\"position\":2,\"name\":\"Vive la fe\"}]},{\"@type\":\"WebSite\",\"@id\":\"https:\/\/vivelafe.publicacionespastorales.com.ec\/#website\",\"url\":\"https:\/\/vivelafe.publicacionespastorales.com.ec\/\",\"name\":\"Vive la Fe\",\"description\":\"Es un proyecto de ense\u00f1anza religiosa escolar que fomenta competencias trascendentales dentro de nuestra soluci\u00f3n educativa Ecosistema 360. Su objetivo es integrar el conocimiento personal, la realidad, el desarrollo socioemocional y la espiritualidad, promoviendo una educaci\u00f3n centrada en la persona y en su relaci\u00f3n con Cristo. Este proyecto se basa en el marco curricular de la Conferencia Episcopal Ecuatoriana (2024) y se consolida como una herramienta educativa esencial para profundizar la experiencia de Dios en el aula y contribuir al crecimiento de la comunidad eclesial.\",\"publisher\":{\"@id\":\"https:\/\/vivelafe.publicacionespastorales.com.ec\/#organization\"},\"potentialAction\":[{\"@type\":\"SearchAction\",\"target\":{\"@type\":\"EntryPoint\",\"urlTemplate\":\"https:\/\/vivelafe.publicacionespastorales.com.ec\/?s={search_term_string}\"},\"query-input\":{\"@type\":\"PropertyValueSpecification\",\"valueRequired\":true,\"valueName\":\"search_term_string\"}}],\"inLanguage\":\"es\"},{\"@type\":\"Organization\",\"@id\":\"https:\/\/vivelafe.publicacionespastorales.com.ec\/#organization\",\"name\":\"Centro Salesiano de Publicaciones Pastorales - Vive la fe\",\"url\":\"https:\/\/vivelafe.publicacionespastorales.com.ec\/\",\"logo\":{\"@type\":\"ImageObject\",\"inLanguage\":\"es\",\"@id\":\"https:\/\/vivelafe.publicacionespastorales.com.ec\/#\/schema\/logo\/image\/\",\"url\":\"https:\/\/vivelafe.publicacionespastorales.com.ec\/wp-content\/uploads\/2025\/03\/Logo-Vive-la-fe-02.png\",\"contentUrl\":\"https:\/\/vivelafe.publicacionespastorales.com.ec\/wp-content\/uploads\/2025\/03\/Logo-Vive-la-fe-02.png\",\"width\":2203,\"height\":515,\"caption\":\"Centro Salesiano de Publicaciones Pastorales - Vive la fe\"},\"image\":{\"@id\":\"https:\/\/vivelafe.publicacionespastorales.com.ec\/#\/schema\/logo\/image\/\"},\"sameAs\":[\"https:\/\/www.facebook.com\/PublicacionesPastorales?rdid=4yJ4zunJvaaH7YTK&share_url=httpswww.facebook.comshare1BkXNKoUVG#\",\"https:\/\/www.instagram.com\/cspp_ec?igsh=YnIzOTZ0ZGIweXI5\",\"https:\/\/www.tiktok.com\/@cspp.ec?_t=ZM-8xikM16Jp4Q&_r=1\"]}]}<\/script>\n<!-- \/ Yoast SEO plugin. -->","yoast_head_json":{"title":"Home - Vive la Fe","description":"Es un proyecto de ense\u00f1anza religiosa escolar que fomenta competencias trascendentales dentro de nuestra soluci\u00f3n educativa Ecosistema 360. Su objetivo es integrar el conocimiento personal, la realidad, el desarrollo socioemocional y la espiritualidad, promoviendo una educaci\u00f3n centrada en la persona y en su relaci\u00f3n con Cristo.","robots":{"index":"index","follow":"follow","max-snippet":"max-snippet:-1","max-image-preview":"max-image-preview:large","max-video-preview":"max-video-preview:-1"},"canonical":"https:\/\/vivelafe.publicacionespastorales.com.ec\/","og_locale":"es_ES","og_type":"article","og_title":"Home - Vive la Fe","og_description":"Es un proyecto de ense\u00f1anza religiosa escolar que fomenta competencias trascendentales dentro de nuestra soluci\u00f3n educativa Ecosistema 360. Su objetivo es integrar el conocimiento personal, la realidad, el desarrollo socioemocional y la espiritualidad, promoviendo una educaci\u00f3n centrada en la persona y en su relaci\u00f3n con Cristo.","og_url":"https:\/\/vivelafe.publicacionespastorales.com.ec\/","og_site_name":"Vive la Fe","article_publisher":"https:\/\/www.facebook.com\/PublicacionesPastorales?rdid=4yJ4zunJvaaH7YTK&share_url=httpswww.facebook.comshare1BkXNKoUVG#","article_modified_time":"2026-04-15T13:56:36+00:00","og_image":[{"width":195,"height":521,"url":"https:\/\/vivelafe.publicacionespastorales.com.ec\/wp-content\/uploads\/2025\/04\/parte.png","type":"image\/png"}],"twitter_card":"summary_large_image","twitter_misc":{"Tiempo de lectura":"1 minuto"},"schema":{"@context":"https:\/\/schema.org","@graph":[{"@type":"WebPage","@id":"https:\/\/vivelafe.publicacionespastorales.com.ec\/","url":"https:\/\/vivelafe.publicacionespastorales.com.ec\/","name":"Home - Vive la Fe","isPartOf":{"@id":"https:\/\/vivelafe.publicacionespastorales.com.ec\/#website"},"primaryImageOfPage":{"@id":"https:\/\/vivelafe.publicacionespastorales.com.ec\/#primaryimage"},"image":{"@id":"https:\/\/vivelafe.publicacionespastorales.com.ec\/#primaryimage"},"thumbnailUrl":"https:\/\/vivelafe.publicacionespastorales.com.ec\/wp-content\/uploads\/2025\/04\/parte.png","datePublished":"2025-04-10T17:20:35+00:00","dateModified":"2026-04-15T13:56:36+00:00","description":"Es un proyecto de ense\u00f1anza religiosa escolar que fomenta competencias trascendentales dentro de nuestra soluci\u00f3n educativa Ecosistema 360. Su objetivo es integrar el conocimiento personal, la realidad, el desarrollo socioemocional y la espiritualidad, promoviendo una educaci\u00f3n centrada en la persona y en su relaci\u00f3n con Cristo.","breadcrumb":{"@id":"https:\/\/vivelafe.publicacionespastorales.com.ec\/#breadcrumb"},"inLanguage":"es","potentialAction":[{"@type":"ReadAction","target":["https:\/\/vivelafe.publicacionespastorales.com.ec\/"]}]},{"@type":"ImageObject","inLanguage":"es","@id":"https:\/\/vivelafe.publicacionespastorales.com.ec\/#primaryimage","url":"https:\/\/vivelafe.publicacionespastorales.com.ec\/wp-content\/uploads\/2025\/04\/parte.png","contentUrl":"https:\/\/vivelafe.publicacionespastorales.com.ec\/wp-content\/uploads\/2025\/04\/parte.png","width":195,"height":521},{"@type":"BreadcrumbList","@id":"https:\/\/vivelafe.publicacionespastorales.com.ec\/#breadcrumb","itemListElement":[{"@type":"ListItem","position":1,"name":"Portada","item":"https:\/\/vivelafe.publicacionespastorales.com.ec\/"},{"@type":"ListItem","position":2,"name":"Vive la fe"}]},{"@type":"WebSite","@id":"https:\/\/vivelafe.publicacionespastorales.com.ec\/#website","url":"https:\/\/vivelafe.publicacionespastorales.com.ec\/","name":"Vive la Fe","description":"Es un proyecto de ense\u00f1anza religiosa escolar que fomenta competencias trascendentales dentro de nuestra soluci\u00f3n educativa Ecosistema 360. Su objetivo es integrar el conocimiento personal, la realidad, el desarrollo socioemocional y la espiritualidad, promoviendo una educaci\u00f3n centrada en la persona y en su relaci\u00f3n con Cristo. Este proyecto se basa en el marco curricular de la Conferencia Episcopal Ecuatoriana (2024) y se consolida como una herramienta educativa esencial para profundizar la experiencia de Dios en el aula y contribuir al crecimiento de la comunidad eclesial.","publisher":{"@id":"https:\/\/vivelafe.publicacionespastorales.com.ec\/#organization"},"potentialAction":[{"@type":"SearchAction","target":{"@type":"EntryPoint","urlTemplate":"https:\/\/vivelafe.publicacionespastorales.com.ec\/?s={search_term_string}"},"query-input":{"@type":"PropertyValueSpecification","valueRequired":true,"valueName":"search_term_string"}}],"inLanguage":"es"},{"@type":"Organization","@id":"https:\/\/vivelafe.publicacionespastorales.com.ec\/#organization","name":"Centro Salesiano de Publicaciones Pastorales - Vive la fe","url":"https:\/\/vivelafe.publicacionespastorales.com.ec\/","logo":{"@type":"ImageObject","inLanguage":"es","@id":"https:\/\/vivelafe.publicacionespastorales.com.ec\/#\/schema\/logo\/image\/","url":"https:\/\/vivelafe.publicacionespastorales.com.ec\/wp-content\/uploads\/2025\/03\/Logo-Vive-la-fe-02.png","contentUrl":"https:\/\/vivelafe.publicacionespastorales.com.ec\/wp-content\/uploads\/2025\/03\/Logo-Vive-la-fe-02.png","width":2203,"height":515,"caption":"Centro Salesiano de Publicaciones Pastorales - Vive la fe"},"image":{"@id":"https:\/\/vivelafe.publicacionespastorales.com.ec\/#\/schema\/logo\/image\/"},"sameAs":["https:\/\/www.facebook.com\/PublicacionesPastorales?rdid=4yJ4zunJvaaH7YTK&share_url=httpswww.facebook.comshare1BkXNKoUVG#","https:\/\/www.instagram.com\/cspp_ec?igsh=YnIzOTZ0ZGIweXI5","https:\/\/www.tiktok.com\/@cspp.ec?_t=ZM-8xikM16Jp4Q&_r=1"]}]}},"_links":{"self":[{"href":"https:\/\/vivelafe.publicacionespastorales.com.ec\/index.php?rest_route=\/wp\/v2\/pages\/1875","targetHints":{"allow":["GET"]}}],"collection":[{"href":"https:\/\/vivelafe.publicacionespastorales.com.ec\/index.php?rest_route=\/wp\/v2\/pages"}],"about":[{"href":"https:\/\/vivelafe.publicacionespastorales.com.ec\/index.php?rest_route=\/wp\/v2\/types\/page"}],"author":[{"embeddable":true,"href":"https:\/\/vivelafe.publicacionespastorales.com.ec\/index.php?rest_route=\/wp\/v2\/users\/2"}],"replies":[{"embeddable":true,"href":"https:\/\/vivelafe.publicacionespastorales.com.ec\/index.php?rest_route=%2Fwp%2Fv2%2Fcomments&post=1875"}],"version-history":[{"count":69,"href":"https:\/\/vivelafe.publicacionespastorales.com.ec\/index.php?rest_route=\/wp\/v2\/pages\/1875\/revisions"}],"predecessor-version":[{"id":2783,"href":"https:\/\/vivelafe.publicacionespastorales.com.ec\/index.php?rest_route=\/wp\/v2\/pages\/1875\/revisions\/2783"}],"wp:attachment":[{"href":"https:\/\/vivelafe.publicacionespastorales.com.ec\/index.php?rest_route=%2Fwp%2Fv2%2Fmedia&parent=1875"}],"curies":[{"name":"wp","href":"https:\/\/api.w.org\/{rel}","templated":true}]}}